{"id":29,"date":"2020-07-03T10:10:29","date_gmt":"2020-07-03T10:10:29","guid":{"rendered":"https:\/\/geometriasjurid.webs.upv.es\/?page_id=29"},"modified":"2022-03-05T18:05:53","modified_gmt":"2022-03-05T18:05:53","slug":"equipo-docente","status":"publish","type":"page","link":"https:\/\/geometriasjurid.webs.upv.es\/index.php\/equipo-docente\/","title":{"rendered":"Equipo docente"},"content":{"rendered":"\n<p>El equipo docente del Proyecto docente de Geometr\u00edas Jur\u00eddicas est\u00e1 compuesto por un grupo de profesores y profesionales expertos en cada materia.  <\/p>\n\n\n\n<h6 class=\"wp-block-heading\">Por orden alfab\u00e9tico, este equipo docentes es:<\/h6>\n\n\n\n<blockquote class=\"wp-block-quote is-layout-flow wp-block-quote-is-layout-flow\"><p><a href=\"https:\/\/www.linkedin.com\/in\/antonio-soria-campos-48954124\/\" target=\"_blank\" rel=\"noreferrer noopener\">Antonio Soria Campos<\/a> \/\/ Profesional del sector en <a aria-label=\"undefined (abre en una nueva pesta\u00f1a)\" href=\"http:\/\/www.albireotopografia.es\/\" target=\"_blank\" rel=\"noreferrer noopener\">ASC Geom\u00e1tica<\/a>. <strong>Actividad pericial<\/strong>.<\/p><p>Dra. <a aria-label=\"undefined (abre en una nueva pesta\u00f1a)\" href=\"http:\/\/www.upv.es\/ficha-personal\/anquela\" target=\"_blank\" rel=\"noreferrer noopener\">Ana Bel\u00e9n Anquela Juli\u00e1n<\/a> \/\/ Profesora titular de Universidad en la UPV. <strong>Topograf\u00eda<\/strong>.<\/p><p><a href=\"https:\/\/www.upv.es\/ficha-personal\/VIALGR\" target=\"_blank\" rel=\"noreferrer noopener\">Vicent Jes\u00fas Altur Grau<\/a> \/\/ Profesor titular en la UPV. <strong>Urbanismo aplicado<\/strong>.<\/p><p>Dr. <a aria-label=\"undefined (abre en una nueva pesta\u00f1a)\" href=\"http:\/\/www.upv.es\/ficha-personal\/carruear\" target=\"_blank\" rel=\"noreferrer noopener\">Gregorio Rius Sorolla<\/a> \/\/ Profesor ayudante doctor de Universidad en la UPV. <strong>Introducci\u00f3n a la administraci\u00f3n de empresas<\/strong>.<\/p><p><a href=\"https:\/\/www.linkedin.com\/in\/germ%C3%A1n-mart%C3%ADnez-fajardo-065053146\/?originalSubdomain=es\" target=\"_blank\" rel=\"noreferrer noopener\">Germ\u00e1n Mart\u00ednez Fajardo<\/a> \/\/T\u00e9cnico de Administraci\u00f3n General (A1), Funcionario en Administraci\u00f3n P\u00fablica Local. <strong>Derecho administrativo II<\/strong>.<\/p><p>Dra. <a aria-label=\"undefined (abre en una nueva pesta\u00f1a)\" href=\"http:\/\/www.upv.es\/ficha-personal\/ecoll\" target=\"_blank\" rel=\"noreferrer noopener\">Elo\u00edna Coll Aliaga<\/a> \/\/ Profesora titular de Universidad en la UPV. <strong>Sistemas de Informaci\u00f3n Geogr\u00e1fica aplicados a la propiedad inmobiliaria<\/strong>.<\/p><p>Dra. <a aria-label=\"undefined (abre en una nueva pesta\u00f1a)\" href=\"http:\/\/www.upv.es\/ficha-personal\/imarques\" target=\"_blank\" rel=\"noreferrer noopener\">Inmaculada Marqu\u00e9s P\u00e9rez<\/a> \/\/ Profesora asociada en la UPV. <strong>Valoraci\u00f3n inmobiliaria<\/strong>.<\/p><p>Isabel Marqu\u00e9s Mart\u00edn-Sacrist\u00e1n \/\/ Jefa unidad t\u00e9cnico facultativa gerencia regional Catastro Valencia. <strong>Procedimientos catastrales y registrales<\/strong>.<\/p><p>Dr. <a aria-label=\"undefined (abre en una nueva pesta\u00f1a)\" href=\"https:\/\/www.uv.es\/jplaza\/\" target=\"_blank\" rel=\"noreferrer noopener\">Javier Plaza Penad\u00e9s<\/a> \/\/ Catedr\u00e1tico Derecho Civil en la UV. <strong>Resoluci\u00f3n alternativa de conflictos. ADR<\/strong>.<\/p><p>Dr. <a aria-label=\"undefined (abre en una nueva pesta\u00f1a)\" href=\"http:\/\/www.upv.es\/ficha-personal\/jlberne\" target=\"_blank\" rel=\"noreferrer noopener\">Jos\u00e9 Luis Bern\u00e9 Valero<\/a> \/\/ Catedr\u00e1tico Geodesia Espacial en la UPV. <strong>Geodesia<\/strong>.<\/p><p><a aria-label=\"undefined (abre en una nueva pesta\u00f1a)\" href=\"http:\/\/www.noguera-abogados.es\/equipo-profesional\/\" target=\"_blank\" rel=\"noreferrer noopener\">Jos\u00e9 Luis Noguera Calatayud<\/a> \/\/ Abogado. Profesional del sector. <a aria-label=\"undefined (abre en una nueva pesta\u00f1a)\" href=\"http:\/\/www.noguera-abogados.es\/\" target=\"_blank\" rel=\"noreferrer noopener\">Noguera abogados<\/a>. <strong>Urbanismo aplicado<\/strong>.<\/p><p>Juan Jos\u00e9 Peces Morera \/\/ Profesional del sector en el <a href=\"https:\/\/www.ign.es\/web\/ign\/portal\/gds-area-geodesia\" target=\"_blank\" rel=\"noreferrer noopener\">IGN<\/a>. <strong>L\u00edneas l\u00edmite jurisdiccionales<\/strong>.<\/p><p>Dra. <a aria-label=\"undefined (abre en una nueva pesta\u00f1a)\" href=\"https:\/\/www.uv.es\/uvweb\/universidad\/es\/ficha-persona-1285950309813.html?p2=luzmtnez\" target=\"_blank\" rel=\"noreferrer noopener\">Luz Mart\u00ednez Velencoso<\/a> \/\/ Catedr\u00e1tica Derecho Civil en la UV. <strong>Derechos reales<\/strong>.<\/p><p><a aria-label=\"undefined (abre en una nueva pesta\u00f1a)\" href=\"http:\/\/www.upv.es\/ficha-personal\/mporres\" target=\"_blank\" rel=\"noreferrer noopener\">M\u00aa Joaquina Porres de la Haza<\/a> \/\/ Profesora titular Escuela Universitaria en UPV. <strong>Cartograf\u00eda<\/strong>.<\/p><p>Marcos Fco. Pavo L\u00f3pez \/\/ Profesional del sector en el <a href=\"https:\/\/www.ign.es\/web\/ign\/portal\/gds-area-geodesia\" target=\"_blank\" rel=\"noreferrer noopener\">IGN<\/a>. <strong>L\u00edneas l\u00edmite jurisdiccionales<\/strong>.<\/p><p>Dra. Mar\u00eda del Mar Rubio Soler \/\/ Profesional del sector en el <a aria-label=\"undefined (abre en una nueva pesta\u00f1a)\" href=\"http:\/\/www.icv.gva.es\/es\/inicio\" target=\"_blank\" rel=\"noreferrer noopener\">ICV<\/a>. <strong>L\u00edneas l\u00edmite jurisdiccionales<\/strong>.<\/p><p>Dra. <a aria-label=\"undefined (abre en una nueva pesta\u00f1a)\" href=\"http:\/\/www.upv.es\/ficha-personal\/macafu\" target=\"_blank\" rel=\"noreferrer noopener\">Mar\u00eda Emilia Casar Furi\u00f3<\/a> \/\/ Profesora titular de Universidad en UPV. <strong>Derecho urban\u00edstico<\/strong>.<\/p><p>Mar\u00eda Victoria Andr\u00e9s Gonz\u00e1lez-Moralejo \/\/ Profesional del sector en el <a aria-label=\"undefined (abre en una nueva pesta\u00f1a)\" href=\"https:\/\/www.sedecatastro.gob.es\/\" target=\"_blank\" rel=\"noreferrer noopener\">Catastro<\/a>. <strong>Procedimientos registrales y catastrales. <\/strong><\/p><p>Dra. <a aria-label=\"undefined (abre en una nueva pesta\u00f1a)\" href=\"http:\/\/www.upv.es\/ficha-personal\/maperis\" target=\"_blank\" rel=\"noreferrer noopener\">Marta Peris Ortiz<\/a> \/\/ Catedr\u00e1tica Organizaci\u00f3n de Empresas en UPV. <strong>Introducci\u00f3n a la administraci\u00f3n de empresas<\/strong>.<\/p><p>Dra. <a aria-label=\"undefined (abre en una nueva pesta\u00f1a)\" href=\"http:\/\/www.upv.es\/ficha-personal\/nagarvil\" target=\"_blank\" rel=\"noreferrer noopener\">Natalia Garrido Vill\u00e9n<\/a> \/\/ Profesora Contratada Doctora en UPV. <strong>Geodesia y Topograf\u00eda<\/strong>.<\/p><p><a aria-label=\"undefined (abre en una nueva pesta\u00f1a)\" href=\"https:\/\/www.linkedin.com\/in\/paula-chust-mares-a5872771\/?originalSubdomain=es\" target=\"_blank\" rel=\"noreferrer noopener\">Paula Chust Mares<\/a> \/\/ Registradora de la Propiedad en el <a aria-label=\"undefined (abre en una nueva pesta\u00f1a)\" href=\"https:\/\/www.registradores.org\/\" target=\"_blank\" rel=\"noreferrer noopener\">Registro de la Propiedad<\/a> de Moncada.<a href=\"https:\/\/geometriasjurid.webs.upv.es\/index.php\/derecho-inmobiliario-registral\/\"> <\/a><strong>Procedimientos catastrales y registrales<\/strong>. <strong>Derecho inmobiliario registral.<\/strong><\/p><p><a href=\"https:\/\/www.linkedin.com\/in\/rubenmart\/\" target=\"_blank\" rel=\"noreferrer noopener\">Rub\u00e9n Mart\u00ednez Naveira<\/a> \/\/ Profesional del sector en <a href=\"https:\/\/www.gravitas.es\/\" target=\"_blank\" rel=\"noreferrer noopener\">Gravitas Estudio Topogr\u00e1fico<\/a>. <strong>Fundamentos profesionales<\/strong>.<\/p><p>Dra. <a aria-label=\"undefined (abre en una nueva pesta\u00f1a)\" href=\"https:\/\/www.uv.es\/uvweb\/universidad\/es\/ficha-persona-1285950309813.html?p2=guicara\" target=\"_blank\" rel=\"noreferrer noopener\">Raquel Guill\u00e9n Catal\u00e1n<\/a> \/\/ Profesora titular de Universidad en UV. <strong>Derechos reales<\/strong>.<\/p><p><a aria-label=\"undefined (abre en una nueva pesta\u00f1a)\" href=\"http:\/\/www.gvaoberta.gva.es\/es\/ficha-alto-cargo?articleId=168465715\" target=\"_blank\" rel=\"noreferrer noopener\">Rosa Pardo Mar\u00edn<\/a> \/\/ Directora general de Pol\u00edtica Territorial y Paisaje de la Conseller\u00eda de Pol\u00edtica Territorial, Obras P\u00fablicas y Movilidad de la Comunidad Valenciana. <strong>Urbanismo aplicado<\/strong>.<\/p><p>Salvador Aland\u00ed Viana. Abogado. Jefe del \u00e1rea de Urbanismo del Ayuntamiento de Quart de Poblet <strong>Urbanismo aplicado<\/strong>.<\/p><p>Dra. <a aria-label=\"undefined (abre en una nueva pesta\u00f1a)\" href=\"http:\/\/www.upv.es\/pls\/oalu\/sic_per.info_persona?PE=Z7a6R0gGVjUL70F4Zv5n7V4bpSSiDxNaGav06eNoArZF5qfM5p60C3aFOtRc0p0zv8Jg3XH8AaySFBjwEDkU2LIAoqse8fLkXhulJKIPE1rhyt%2FFoiUIfQ%3D%3D&P_IDIOMA=c&P_TIPOBUS=0&P_VISTA=\" target=\"_blank\" rel=\"noreferrer noopener\">Sof\u00eda Estell\u00e9s Miguel<\/a> \/\/ Profesora Contratada Doctora en UPV. <strong>Introducci\u00f3n a la administraci\u00f3n de empresas<\/strong>.<\/p><\/blockquote>\n","protected":false},"excerpt":{"rendered":"<p>El equipo docente del Proyecto docente de Geometr\u00edas Jur\u00eddicas est\u00e1 compuesto por un grupo de profesores y profesionales expertos en cada materia. Por orden alfab\u00e9tico, este equipo docentes es: Antonio Soria Campos \/\/ Profesional del sector en ASC Geom\u00e1tica. Actividad pericial. Dra. Ana Bel\u00e9n Anquela Juli\u00e1n \/\/ Profesora titular de Universidad en la UPV. Topograf\u00eda. &hellip; <a href=\"https:\/\/geometriasjurid.webs.upv.es\/index.php\/equipo-docente\/\" class=\"more-link\">Continuar leyendo<span class=\"screen-reader-text\"> \u00abEquipo docente\u00bb<\/span><\/a><\/p>\n","protected":false},"author":1,"featured_media":0,"parent":0,"menu_order":0,"comment_status":"closed","ping_status":"closed","template":"","meta":{"footnotes":""},"class_list":["post-29","page","type-page","status-publish","hentry"],"yoast_head":"<!-- This site is optimized with the Yoast SEO plugin v27.5 - https:\/\/yoast.com\/product\/yoast-seo-wordpress\/ -->\n<title>Equipo docente - M\u00e1ster en Geometr\u00edas Jur\u00eddicas<\/title>\n<meta name=\"description\" content=\"El equipo docente del Proyecto docente de Geometr\u00edas Jur\u00eddicas est\u00e1 compuesto por un grupo de profesores y profesionales expertos en cada materia.\" \/>\n<meta name=\"robots\" content=\"index, follow, max-snippet:-1, max-image-preview:large, max-video-preview:-1\" \/>\n<link rel=\"canonical\" href=\"https:\/\/geometriasjurid.webs.upv.es\/index.php\/equipo-docente\/\" \/>\n<meta property=\"og:locale\" content=\"es_ES\" \/>\n<meta property=\"og:type\" content=\"article\" \/>\n<meta property=\"og:title\" content=\"Equipo docente - M\u00e1ster en Geometr\u00edas Jur\u00eddicas\" \/>\n<meta property=\"og:description\" content=\"El equipo docente del Proyecto docente de Geometr\u00edas Jur\u00eddicas est\u00e1 compuesto por un grupo de profesores y profesionales expertos en cada materia.\" \/>\n<meta property=\"og:url\" content=\"https:\/\/geometriasjurid.webs.upv.es\/index.php\/equipo-docente\/\" \/>\n<meta property=\"og:site_name\" content=\"M\u00e1ster en Geometr\u00edas Jur\u00eddicas\" \/>\n<meta property=\"article:modified_time\" content=\"2022-03-05T18:05:53+00:00\" \/>\n<meta name=\"twitter:card\" content=\"summary_large_image\" \/>\n<meta name=\"twitter:label1\" content=\"Tiempo de lectura\" \/>\n\t<meta name=\"twitter:data1\" content=\"2 minutos\" \/>\n<script type=\"application\/ld+json\" class=\"yoast-schema-graph\">{\"@context\":\"https:\\\/\\\/schema.org\",\"@graph\":[{\"@type\":\"WebPage\",\"@id\":\"https:\\\/\\\/geometriasjurid.webs.upv.es\\\/index.php\\\/equipo-docente\\\/\",\"url\":\"https:\\\/\\\/geometriasjurid.webs.upv.es\\\/index.php\\\/equipo-docente\\\/\",\"name\":\"Equipo docente - M\u00e1ster en Geometr\u00edas Jur\u00eddicas\",\"isPartOf\":{\"@id\":\"https:\\\/\\\/geometriasjurid.webs.upv.es\\\/#website\"},\"datePublished\":\"2020-07-03T10:10:29+00:00\",\"dateModified\":\"2022-03-05T18:05:53+00:00\",\"description\":\"El equipo docente del Proyecto docente de Geometr\u00edas Jur\u00eddicas est\u00e1 compuesto por un grupo de profesores y profesionales expertos en cada materia.\",\"breadcrumb\":{\"@id\":\"https:\\\/\\\/geometriasjurid.webs.upv.es\\\/index.php\\\/equipo-docente\\\/#breadcrumb\"},\"inLanguage\":\"es\",\"potentialAction\":[{\"@type\":\"ReadAction\",\"target\":[\"https:\\\/\\\/geometriasjurid.webs.upv.es\\\/index.php\\\/equipo-docente\\\/\"]}]},{\"@type\":\"BreadcrumbList\",\"@id\":\"https:\\\/\\\/geometriasjurid.webs.upv.es\\\/index.php\\\/equipo-docente\\\/#breadcrumb\",\"itemListElement\":[{\"@type\":\"ListItem\",\"position\":1,\"name\":\"Home\",\"item\":\"https:\\\/\\\/geometriasjurid.webs.upv.es\\\/\"},{\"@type\":\"ListItem\",\"position\":2,\"name\":\"Equipo docente\"}]},{\"@type\":\"WebSite\",\"@id\":\"https:\\\/\\\/geometriasjurid.webs.upv.es\\\/#website\",\"url\":\"https:\\\/\\\/geometriasjurid.webs.upv.es\\\/\",\"name\":\"M\u00e1ster en Geometr\u00edas Jur\u00eddicas\",\"description\":\"Delimitaci\u00f3n precisa de la propiedad inmobiliaria\",\"publisher\":{\"@id\":\"https:\\\/\\\/geometriasjurid.webs.upv.es\\\/#organization\"},\"potentialAction\":[{\"@type\":\"SearchAction\",\"target\":{\"@type\":\"EntryPoint\",\"urlTemplate\":\"https:\\\/\\\/geometriasjurid.webs.upv.es\\\/?s={search_term_string}\"},\"query-input\":{\"@type\":\"PropertyValueSpecification\",\"valueRequired\":true,\"valueName\":\"search_term_string\"}}],\"inLanguage\":\"es\"},{\"@type\":\"Organization\",\"@id\":\"https:\\\/\\\/geometriasjurid.webs.upv.es\\\/#organization\",\"name\":\"M\u00e1ster en Geometr\u00edas Jur\u00eddicas\",\"url\":\"https:\\\/\\\/geometriasjurid.webs.upv.es\\\/\",\"logo\":{\"@type\":\"ImageObject\",\"inLanguage\":\"es\",\"@id\":\"https:\\\/\\\/geometriasjurid.webs.upv.es\\\/#\\\/schema\\\/logo\\\/image\\\/\",\"url\":\"https:\\\/\\\/geometriasjurid.webs.upv.es\\\/wp-content\\\/uploads\\\/2020\\\/07\\\/cropped-Logo-Favicon-1.jpg\",\"contentUrl\":\"https:\\\/\\\/geometriasjurid.webs.upv.es\\\/wp-content\\\/uploads\\\/2020\\\/07\\\/cropped-Logo-Favicon-1.jpg\",\"width\":240,\"height\":153,\"caption\":\"M\u00e1ster en Geometr\u00edas Jur\u00eddicas\"},\"image\":{\"@id\":\"https:\\\/\\\/geometriasjurid.webs.upv.es\\\/#\\\/schema\\\/logo\\\/image\\\/\"}}]}<\/script>\n<!-- \/ Yoast SEO plugin. -->","yoast_head_json":{"title":"Equipo docente - M\u00e1ster en Geometr\u00edas Jur\u00eddicas","description":"El equipo docente del Proyecto docente de Geometr\u00edas Jur\u00eddicas est\u00e1 compuesto por un grupo de profesores y profesionales expertos en cada materia.","robots":{"index":"index","follow":"follow","max-snippet":"max-snippet:-1","max-image-preview":"max-image-preview:large","max-video-preview":"max-video-preview:-1"},"canonical":"https:\/\/geometriasjurid.webs.upv.es\/index.php\/equipo-docente\/","og_locale":"es_ES","og_type":"article","og_title":"Equipo docente - M\u00e1ster en Geometr\u00edas Jur\u00eddicas","og_description":"El equipo docente del Proyecto docente de Geometr\u00edas Jur\u00eddicas est\u00e1 compuesto por un grupo de profesores y profesionales expertos en cada materia.","og_url":"https:\/\/geometriasjurid.webs.upv.es\/index.php\/equipo-docente\/","og_site_name":"M\u00e1ster en Geometr\u00edas Jur\u00eddicas","article_modified_time":"2022-03-05T18:05:53+00:00","twitter_card":"summary_large_image","twitter_misc":{"Tiempo de lectura":"2 minutos"},"schema":{"@context":"https:\/\/schema.org","@graph":[{"@type":"WebPage","@id":"https:\/\/geometriasjurid.webs.upv.es\/index.php\/equipo-docente\/","url":"https:\/\/geometriasjurid.webs.upv.es\/index.php\/equipo-docente\/","name":"Equipo docente - M\u00e1ster en Geometr\u00edas Jur\u00eddicas","isPartOf":{"@id":"https:\/\/geometriasjurid.webs.upv.es\/#website"},"datePublished":"2020-07-03T10:10:29+00:00","dateModified":"2022-03-05T18:05:53+00:00","description":"El equipo docente del Proyecto docente de Geometr\u00edas Jur\u00eddicas est\u00e1 compuesto por un grupo de profesores y profesionales expertos en cada materia.","breadcrumb":{"@id":"https:\/\/geometriasjurid.webs.upv.es\/index.php\/equipo-docente\/#breadcrumb"},"inLanguage":"es","potentialAction":[{"@type":"ReadAction","target":["https:\/\/geometriasjurid.webs.upv.es\/index.php\/equipo-docente\/"]}]},{"@type":"BreadcrumbList","@id":"https:\/\/geometriasjurid.webs.upv.es\/index.php\/equipo-docente\/#breadcrumb","itemListElement":[{"@type":"ListItem","position":1,"name":"Home","item":"https:\/\/geometriasjurid.webs.upv.es\/"},{"@type":"ListItem","position":2,"name":"Equipo docente"}]},{"@type":"WebSite","@id":"https:\/\/geometriasjurid.webs.upv.es\/#website","url":"https:\/\/geometriasjurid.webs.upv.es\/","name":"M\u00e1ster en Geometr\u00edas Jur\u00eddicas","description":"Delimitaci\u00f3n precisa de la propiedad inmobiliaria","publisher":{"@id":"https:\/\/geometriasjurid.webs.upv.es\/#organization"},"potentialAction":[{"@type":"SearchAction","target":{"@type":"EntryPoint","urlTemplate":"https:\/\/geometriasjurid.webs.upv.es\/?s={search_term_string}"},"query-input":{"@type":"PropertyValueSpecification","valueRequired":true,"valueName":"search_term_string"}}],"inLanguage":"es"},{"@type":"Organization","@id":"https:\/\/geometriasjurid.webs.upv.es\/#organization","name":"M\u00e1ster en Geometr\u00edas Jur\u00eddicas","url":"https:\/\/geometriasjurid.webs.upv.es\/","logo":{"@type":"ImageObject","inLanguage":"es","@id":"https:\/\/geometriasjurid.webs.upv.es\/#\/schema\/logo\/image\/","url":"https:\/\/geometriasjurid.webs.upv.es\/wp-content\/uploads\/2020\/07\/cropped-Logo-Favicon-1.jpg","contentUrl":"https:\/\/geometriasjurid.webs.upv.es\/wp-content\/uploads\/2020\/07\/cropped-Logo-Favicon-1.jpg","width":240,"height":153,"caption":"M\u00e1ster en Geometr\u00edas Jur\u00eddicas"},"image":{"@id":"https:\/\/geometriasjurid.webs.upv.es\/#\/schema\/logo\/image\/"}}]}},"_links":{"self":[{"href":"https:\/\/geometriasjurid.webs.upv.es\/index.php\/wp-json\/wp\/v2\/pages\/29","targetHints":{"allow":["GET"]}}],"collection":[{"href":"https:\/\/geometriasjurid.webs.upv.es\/index.php\/wp-json\/wp\/v2\/pages"}],"about":[{"href":"https:\/\/geometriasjurid.webs.upv.es\/index.php\/wp-json\/wp\/v2\/types\/page"}],"author":[{"embeddable":true,"href":"https:\/\/geometriasjurid.webs.upv.es\/index.php\/wp-json\/wp\/v2\/users\/1"}],"replies":[{"embeddable":true,"href":"https:\/\/geometriasjurid.webs.upv.es\/index.php\/wp-json\/wp\/v2\/comments?post=29"}],"version-history":[{"count":34,"href":"https:\/\/geometriasjurid.webs.upv.es\/index.php\/wp-json\/wp\/v2\/pages\/29\/revisions"}],"predecessor-version":[{"id":603,"href":"https:\/\/geometriasjurid.webs.upv.es\/index.php\/wp-json\/wp\/v2\/pages\/29\/revisions\/603"}],"wp:attachment":[{"href":"https:\/\/geometriasjurid.webs.upv.es\/index.php\/wp-json\/wp\/v2\/media?parent=29"}],"curies":[{"name":"wp","href":"https:\/\/api.w.org\/{rel}","templated":true}]}}